{"id":9678,"date":"2015-12-27T00:37:35","date_gmt":"2015-12-26T22:37:35","guid":{"rendered":"https:\/\/szemtanu.com\/wp-content\/uploads\/2015\/12\/29-melindatamas-eskuvoi-foto.jpg"},"modified":"2016-01-20T15:11:51","modified_gmt":"2016-01-20T13:11:51","slug":"29-melindatamas-eskuvoi-foto","status":"inherit","type":"attachment","link":"https:\/\/szemtanu.com\/en\/galeria\/melinda-tamas-pannonhalma\/29-melindatamas-eskuvoi-foto\/","title":{"rendered":"29-MelindaTamas-eskuvoi-foto-"},"author":2,"featured_media":0,"comment_status":"open","ping_status":"open","template":"","meta":[],"class_list":["post-9678","attachment","type-attachment","status-inherit","hentry"],"yoast_head":"<!-- This site is optimized with the Yoast SEO plugin v27.5 - https:\/\/yoast.com\/product\/yoast-seo-wordpress\/ -->\n<title>29-MelindaTamas-eskuvoi-foto- Fine Art esk\u00fcv\u0151i fot\u00f3z\u00e1s \u2013 Szab\u00f3 Zolt\u00e1n szemtan\u00fa<\/title>\n<meta name=\"description\" content=\"Esk\u00fcv\u0151i fot\u00f3 Pannonhalm\u00e1n\" \/>\n<meta name=\"robots\" content=\"index, follow, max-snippet:-1, max-image-preview:large, max-video-preview:-1\" \/>\n<link rel=\"canonical\" href=\"https:\/\/szemtanu.com\/en\/galeria\/melinda-tamas-pannonhalma\/29-melindatamas-eskuvoi-foto\/\" \/>\n<meta property=\"og:locale\" content=\"en_US\" \/>\n<meta property=\"og:type\" content=\"article\" \/>\n<meta property=\"og:title\" content=\"29-MelindaTamas-eskuvoi-foto- Fine Art esk\u00fcv\u0151i fot\u00f3z\u00e1s \u2013 Szab\u00f3 Zolt\u00e1n szemtan\u00fa\" \/>\n<meta property=\"og:description\" content=\"Esk\u00fcv\u0151i fot\u00f3 Pannonhalm\u00e1n\" \/>\n<meta property=\"og:url\" content=\"https:\/\/szemtanu.com\/en\/galeria\/melinda-tamas-pannonhalma\/29-melindatamas-eskuvoi-foto\/\" \/>\n<meta property=\"og:site_name\" content=\"Fine Art esk\u00fcv\u0151i fot\u00f3z\u00e1s \u2013 Szab\u00f3 Zolt\u00e1n szemtan\u00fa\" \/>\n<meta property=\"article:modified_time\" content=\"2016-01-20T13:11:51+00:00\" \/>\n<meta property=\"og:image\" content=\"https:\/\/szemtanu.com\/wp-content\/uploads\/2015\/12\/29-melindatamas-eskuvoi-foto.jpg\" \/>\n\t<meta property=\"og:image:width\" content=\"1920\" \/>\n\t<meta property=\"og:image:height\" content=\"1280\" \/>\n\t<meta property=\"og:image:type\" content=\"image\/jpeg\" \/>\n<script type=\"application\/ld+json\" class=\"yoast-schema-graph\">{\"@context\":\"https:\\\/\\\/schema.org\",\"@graph\":[{\"@type\":\"WebPage\",\"@id\":\"https:\\\/\\\/szemtanu.com\\\/en\\\/galeria\\\/melinda-tamas-pannonhalma\\\/29-melindatamas-eskuvoi-foto\\\/\",\"url\":\"https:\\\/\\\/szemtanu.com\\\/en\\\/galeria\\\/melinda-tamas-pannonhalma\\\/29-melindatamas-eskuvoi-foto\\\/\",\"name\":\"29-MelindaTamas-eskuvoi-foto- Fine Art esk\u00fcv\u0151i fot\u00f3z\u00e1s \u2013 Szab\u00f3 Zolt\u00e1n szemtan\u00fa\",\"isPartOf\":{\"@id\":\"https:\\\/\\\/szemtanu.com\\\/en\\\/#website\"},\"datePublished\":\"2015-12-26T22:37:35+00:00\",\"dateModified\":\"2016-01-20T13:11:51+00:00\",\"description\":\"Esk\u00fcv\u0151i fot\u00f3 Pannonhalm\u00e1n\",\"breadcrumb\":{\"@id\":\"https:\\\/\\\/szemtanu.com\\\/en\\\/galeria\\\/melinda-tamas-pannonhalma\\\/29-melindatamas-eskuvoi-foto\\\/#breadcrumb\"},\"inLanguage\":\"en-US\",\"potentialAction\":[{\"@type\":\"ReadAction\",\"target\":[\"https:\\\/\\\/szemtanu.com\\\/en\\\/galeria\\\/melinda-tamas-pannonhalma\\\/29-melindatamas-eskuvoi-foto\\\/\"]}]},{\"@type\":\"BreadcrumbList\",\"@id\":\"https:\\\/\\\/szemtanu.com\\\/en\\\/galeria\\\/melinda-tamas-pannonhalma\\\/29-melindatamas-eskuvoi-foto\\\/#breadcrumb\",\"itemListElement\":[{\"@type\":\"ListItem\",\"position\":1,\"name\":\"Kezd\u0151lap\",\"item\":\"https:\\\/\\\/szemtanu.com\\\/en\\\/test-home\\\/\"},{\"@type\":\"ListItem\",\"position\":2,\"name\":\"Wedding photo\",\"item\":\"https:\\\/\\\/szemtanu.com\\\/en\\\/galeria\\\/\"},{\"@type\":\"ListItem\",\"position\":3,\"name\":\"MELINDA &#038; TAMAS Hungary\",\"item\":\"https:\\\/\\\/szemtanu.com\\\/en\\\/galeria\\\/melinda-tamas-pannonhalma\\\/\"},{\"@type\":\"ListItem\",\"position\":4,\"name\":\"29-MelindaTamas-eskuvoi-foto-\"}]},{\"@type\":\"WebSite\",\"@id\":\"https:\\\/\\\/szemtanu.com\\\/en\\\/#website\",\"url\":\"https:\\\/\\\/szemtanu.com\\\/en\\\/\",\"name\":\"Fine Art esk\u00fcv\u0151i fot\u00f3z\u00e1s \u2013 Szab\u00f3 Zolt\u00e1n szemtan\u00fa\",\"description\":\"Pr\u00e9mium esk\u00fcv\u0151 fot\u00f3k d\u00edjnyertes esk\u00fcv\u0151i fot\u00f3st\u00f3l. Premium Fine Art Wedding Photography\",\"publisher\":{\"@id\":\"https:\\\/\\\/szemtanu.com\\\/en\\\/#\\\/schema\\\/person\\\/95a6aa0b2dfc7d60bd445135bd71f3bf\"},\"potentialAction\":[{\"@type\":\"SearchAction\",\"target\":{\"@type\":\"EntryPoint\",\"urlTemplate\":\"https:\\\/\\\/szemtanu.com\\\/en\\\/?s={search_term_string}\"},\"query-input\":{\"@type\":\"PropertyValueSpecification\",\"valueRequired\":true,\"valueName\":\"search_term_string\"}}],\"inLanguage\":\"en-US\"},{\"@type\":[\"Person\",\"Organization\"],\"@id\":\"https:\\\/\\\/szemtanu.com\\\/en\\\/#\\\/schema\\\/person\\\/95a6aa0b2dfc7d60bd445135bd71f3bf\",\"name\":\"Szab\u00f3 Zolt\u00e1n\",\"image\":{\"@type\":\"ImageObject\",\"inLanguage\":\"en-US\",\"@id\":\"https:\\\/\\\/szemtanu.com\\\/wp-content\\\/uploads\\\/2015\\\/12\\\/29-melindatamas-eskuvoi-foto.jpg\",\"url\":\"https:\\\/\\\/szemtanu.com\\\/wp-content\\\/uploads\\\/2015\\\/12\\\/29-melindatamas-eskuvoi-foto.jpg\",\"contentUrl\":\"https:\\\/\\\/szemtanu.com\\\/wp-content\\\/uploads\\\/2015\\\/12\\\/29-melindatamas-eskuvoi-foto.jpg\",\"width\":1920,\"height\":1280,\"caption\":\"Szab\u00f3 Zolt\u00e1n\"},\"logo\":{\"@id\":\"https:\\\/\\\/szemtanu.com\\\/wp-content\\\/uploads\\\/2015\\\/12\\\/29-melindatamas-eskuvoi-foto.jpg\"}}]}<\/script>\n<!-- \/ Yoast SEO plugin. -->","yoast_head_json":{"title":"29-MelindaTamas-eskuvoi-foto- Fine Art esk\u00fcv\u0151i fot\u00f3z\u00e1s \u2013 Szab\u00f3 Zolt\u00e1n szemtan\u00fa","description":"Esk\u00fcv\u0151i fot\u00f3 Pannonhalm\u00e1n","robots":{"index":"index","follow":"follow","max-snippet":"max-snippet:-1","max-image-preview":"max-image-preview:large","max-video-preview":"max-video-preview:-1"},"canonical":"https:\/\/szemtanu.com\/en\/galeria\/melinda-tamas-pannonhalma\/29-melindatamas-eskuvoi-foto\/","og_locale":"en_US","og_type":"article","og_title":"29-MelindaTamas-eskuvoi-foto- Fine Art esk\u00fcv\u0151i fot\u00f3z\u00e1s \u2013 Szab\u00f3 Zolt\u00e1n szemtan\u00fa","og_description":"Esk\u00fcv\u0151i fot\u00f3 Pannonhalm\u00e1n","og_url":"https:\/\/szemtanu.com\/en\/galeria\/melinda-tamas-pannonhalma\/29-melindatamas-eskuvoi-foto\/","og_site_name":"Fine Art esk\u00fcv\u0151i fot\u00f3z\u00e1s \u2013 Szab\u00f3 Zolt\u00e1n szemtan\u00fa","article_modified_time":"2016-01-20T13:11:51+00:00","og_image":[{"width":1920,"height":1280,"url":"https:\/\/szemtanu.com\/wp-content\/uploads\/2015\/12\/29-melindatamas-eskuvoi-foto.jpg","type":"image\/jpeg"}],"schema":{"@context":"https:\/\/schema.org","@graph":[{"@type":"WebPage","@id":"https:\/\/szemtanu.com\/en\/galeria\/melinda-tamas-pannonhalma\/29-melindatamas-eskuvoi-foto\/","url":"https:\/\/szemtanu.com\/en\/galeria\/melinda-tamas-pannonhalma\/29-melindatamas-eskuvoi-foto\/","name":"29-MelindaTamas-eskuvoi-foto- Fine Art esk\u00fcv\u0151i fot\u00f3z\u00e1s \u2013 Szab\u00f3 Zolt\u00e1n szemtan\u00fa","isPartOf":{"@id":"https:\/\/szemtanu.com\/en\/#website"},"datePublished":"2015-12-26T22:37:35+00:00","dateModified":"2016-01-20T13:11:51+00:00","description":"Esk\u00fcv\u0151i fot\u00f3 Pannonhalm\u00e1n","breadcrumb":{"@id":"https:\/\/szemtanu.com\/en\/galeria\/melinda-tamas-pannonhalma\/29-melindatamas-eskuvoi-foto\/#breadcrumb"},"inLanguage":"en-US","potentialAction":[{"@type":"ReadAction","target":["https:\/\/szemtanu.com\/en\/galeria\/melinda-tamas-pannonhalma\/29-melindatamas-eskuvoi-foto\/"]}]},{"@type":"BreadcrumbList","@id":"https:\/\/szemtanu.com\/en\/galeria\/melinda-tamas-pannonhalma\/29-melindatamas-eskuvoi-foto\/#breadcrumb","itemListElement":[{"@type":"ListItem","position":1,"name":"Kezd\u0151lap","item":"https:\/\/szemtanu.com\/en\/test-home\/"},{"@type":"ListItem","position":2,"name":"Wedding photo","item":"https:\/\/szemtanu.com\/en\/galeria\/"},{"@type":"ListItem","position":3,"name":"MELINDA &#038; TAMAS Hungary","item":"https:\/\/szemtanu.com\/en\/galeria\/melinda-tamas-pannonhalma\/"},{"@type":"ListItem","position":4,"name":"29-MelindaTamas-eskuvoi-foto-"}]},{"@type":"WebSite","@id":"https:\/\/szemtanu.com\/en\/#website","url":"https:\/\/szemtanu.com\/en\/","name":"Fine Art esk\u00fcv\u0151i fot\u00f3z\u00e1s \u2013 Szab\u00f3 Zolt\u00e1n szemtan\u00fa","description":"Pr\u00e9mium esk\u00fcv\u0151 fot\u00f3k d\u00edjnyertes esk\u00fcv\u0151i fot\u00f3st\u00f3l. Premium Fine Art Wedding Photography","publisher":{"@id":"https:\/\/szemtanu.com\/en\/#\/schema\/person\/95a6aa0b2dfc7d60bd445135bd71f3bf"},"potentialAction":[{"@type":"SearchAction","target":{"@type":"EntryPoint","urlTemplate":"https:\/\/szemtanu.com\/en\/?s={search_term_string}"},"query-input":{"@type":"PropertyValueSpecification","valueRequired":true,"valueName":"search_term_string"}}],"inLanguage":"en-US"},{"@type":["Person","Organization"],"@id":"https:\/\/szemtanu.com\/en\/#\/schema\/person\/95a6aa0b2dfc7d60bd445135bd71f3bf","name":"Szab\u00f3 Zolt\u00e1n","image":{"@type":"ImageObject","inLanguage":"en-US","@id":"https:\/\/szemtanu.com\/wp-content\/uploads\/2015\/12\/29-melindatamas-eskuvoi-foto.jpg","url":"https:\/\/szemtanu.com\/wp-content\/uploads\/2015\/12\/29-melindatamas-eskuvoi-foto.jpg","contentUrl":"https:\/\/szemtanu.com\/wp-content\/uploads\/2015\/12\/29-melindatamas-eskuvoi-foto.jpg","width":1920,"height":1280,"caption":"Szab\u00f3 Zolt\u00e1n"},"logo":{"@id":"https:\/\/szemtanu.com\/wp-content\/uploads\/2015\/12\/29-melindatamas-eskuvoi-foto.jpg"}}]}},"smush":{"stats":{"percent":2.7035802765863037,"bytes":23397,"size_before":865408,"size_after":842011,"time":0.8500000000000001,"api_version":"1.0","lossy":false,"keep_exif":0},"sizes":{"thumbnail":{"percent":8.3,"bytes":257,"size_before":3096,"size_after":2839,"time":0.01},"medium":{"percent":5.25,"bytes":812,"size_before":15470,"size_after":14658,"time":0.04},"large":{"percent":2.23,"bytes":3410,"size_before":153046,"size_after":149636,"time":0.1},"widget":{"percent":9.99,"bytes":137,"size_before":1371,"size_after":1234,"time":0.03},"square":{"percent":5.64,"bytes":561,"size_before":9949,"size_after":9388,"time":0.02},"featured":{"percent":2.4,"bytes":1822,"size_before":76041,"size_after":74219,"time":0.04},"featured_large":{"percent":2.29,"bytes":2509,"size_before":109746,"size_after":107237,"time":0.17},"extra_large":{"percent":1.92,"bytes":3013,"size_before":157065,"size_after":154052,"time":0.08},"portfolio":{"percent":3.78,"bytes":1384,"size_before":36649,"size_after":35265,"time":0.03},"portfolio_small":{"percent":5.3,"bytes":712,"size_before":13441,"size_after":12729,"time":0.03},"gallery":{"percent":2.56,"bytes":2023,"size_before":78978,"size_after":76955,"time":0.15},"magazine":{"percent":3.47,"bytes":1561,"size_before":45003,"size_after":43442,"time":0.06},"masonry":{"percent":3.12,"bytes":1651,"size_before":52974,"size_after":51323,"time":0.03},"entry_with_sidebar":{"percent":3.64,"bytes":1615,"size_before":44410,"size_after":42795,"time":0.03},"entry_without_sidebar":{"percent":2.83,"bytes":1930,"size_before":68169,"size_after":66239,"time":0.03}}},"description":{"rendered":"<p class=\"attachment\"><a href='https:\/\/szemtanu.com\/wp-content\/uploads\/2015\/12\/29-melindatamas-eskuvoi-foto.jpg'><img loading=\"lazy\" decoding=\"async\" width=\"300\" height=\"200\" src=\"https:\/\/szemtanu.com\/wp-content\/uploads\/2015\/12\/29-melindatamas-eskuvoi-foto-300x200.jpg\" class=\"attachment-medium size-medium\" alt=\"\" srcset=\"https:\/\/szemtanu.com\/wp-content\/uploads\/2015\/12\/29-melindatamas-eskuvoi-foto-300x200.jpg 300w, https:\/\/szemtanu.com\/wp-content\/uploads\/2015\/12\/29-melindatamas-eskuvoi-foto-1030x687.jpg 1030w, https:\/\/szemtanu.com\/wp-content\/uploads\/2015\/12\/29-melindatamas-eskuvoi-foto-1500x1000.jpg 1500w, https:\/\/szemtanu.com\/wp-content\/uploads\/2015\/12\/29-melindatamas-eskuvoi-foto-705x470.jpg 705w, https:\/\/szemtanu.com\/wp-content\/uploads\/2015\/12\/29-melindatamas-eskuvoi-foto-450x300.jpg 450w, https:\/\/szemtanu.com\/wp-content\/uploads\/2015\/12\/29-melindatamas-eskuvoi-foto.jpg 1920w\" sizes=\"auto, (max-width: 300px) 100vw, 300px\" \/><\/a><\/p>\n"},"caption":{"rendered":""},"alt_text":"","media_type":"image","mime_type":"image\/jpeg","media_details":{"width":1920,"height":1280,"file":"2015\/12\/29-melindatamas-eskuvoi-foto.jpg","sizes":{"thumbnail":{"file":"29-melindatamas-eskuvoi-foto-80x80.jpg","width":80,"height":80,"mime_type":"image\/jpeg","source_url":"https:\/\/szemtanu.com\/wp-content\/uploads\/2015\/12\/29-melindatamas-eskuvoi-foto-80x80.jpg"},"medium":{"file":"29-melindatamas-eskuvoi-foto-300x200.jpg","width":300,"height":200,"mime_type":"image\/jpeg","source_url":"https:\/\/szemtanu.com\/wp-content\/uploads\/2015\/12\/29-melindatamas-eskuvoi-foto-300x200.jpg"},"large":{"file":"29-melindatamas-eskuvoi-foto-1030x687.jpg","width":1030,"height":687,"mime_type":"image\/jpeg","source_url":"https:\/\/szemtanu.com\/wp-content\/uploads\/2015\/12\/29-melindatamas-eskuvoi-foto-1030x687.jpg"},"widget":{"file":"29-melindatamas-eskuvoi-foto-36x36.jpg","width":36,"height":36,"mime_type":"image\/jpeg","source_url":"https:\/\/szemtanu.com\/wp-content\/uploads\/2015\/12\/29-melindatamas-eskuvoi-foto-36x36.jpg"},"square":{"file":"29-melindatamas-eskuvoi-foto-180x180.jpg","width":180,"height":180,"mime_type":"image\/jpeg","source_url":"https:\/\/szemtanu.com\/wp-content\/uploads\/2015\/12\/29-melindatamas-eskuvoi-foto-180x180.jpg"},"featured":{"file":"29-melindatamas-eskuvoi-foto-1500x430.jpg","width":1500,"height":430,"mime_type":"image\/jpeg","source_url":"https:\/\/szemtanu.com\/wp-content\/uploads\/2015\/12\/29-melindatamas-eskuvoi-foto-1500x430.jpg"},"featured_large":{"file":"29-melindatamas-eskuvoi-foto-1500x630.jpg","width":1500,"height":630,"mime_type":"image\/jpeg","source_url":"https:\/\/szemtanu.com\/wp-content\/uploads\/2015\/12\/29-melindatamas-eskuvoi-foto-1500x630.jpg"},"extra_large":{"file":"29-melindatamas-eskuvoi-foto-1500x1000.jpg","width":1500,"height":1000,"mime_type":"image\/jpeg","source_url":"https:\/\/szemtanu.com\/wp-content\/uploads\/2015\/12\/29-melindatamas-eskuvoi-foto-1500x1000.jpg"},"portfolio":{"file":"29-melindatamas-eskuvoi-foto-495x400.jpg","width":495,"height":400,"mime_type":"image\/jpeg","source_url":"https:\/\/szemtanu.com\/wp-content\/uploads\/2015\/12\/29-melindatamas-eskuvoi-foto-495x400.jpg"},"portfolio_small":{"file":"29-melindatamas-eskuvoi-foto-260x185.jpg","width":260,"height":185,"mime_type":"image\/jpeg","source_url":"https:\/\/szemtanu.com\/wp-content\/uploads\/2015\/12\/29-melindatamas-eskuvoi-foto-260x185.jpg"},"gallery":{"file":"29-melindatamas-eskuvoi-foto-845x684.jpg","width":845,"height":684,"mime_type":"image\/jpeg","source_url":"https:\/\/szemtanu.com\/wp-content\/uploads\/2015\/12\/29-melindatamas-eskuvoi-foto-845x684.jpg"},"magazine":{"file":"29-melindatamas-eskuvoi-foto-710x375.jpg","width":710,"height":375,"mime_type":"image\/jpeg","source_url":"https:\/\/szemtanu.com\/wp-content\/uploads\/2015\/12\/29-melindatamas-eskuvoi-foto-710x375.jpg"},"masonry":{"file":"29-melindatamas-eskuvoi-foto-705x470.jpg","width":705,"height":470,"mime_type":"image\/jpeg","source_url":"https:\/\/szemtanu.com\/wp-content\/uploads\/2015\/12\/29-melindatamas-eskuvoi-foto-705x470.jpg"},"entry_with_sidebar":{"file":"29-melindatamas-eskuvoi-foto-845x321.jpg","width":845,"height":321,"mime_type":"image\/jpeg","source_url":"https:\/\/szemtanu.com\/wp-content\/uploads\/2015\/12\/29-melindatamas-eskuvoi-foto-845x321.jpg"},"entry_without_sidebar":{"file":"29-melindatamas-eskuvoi-foto-1210x423.jpg","width":1210,"height":423,"mime_type":"image\/jpeg","source_url":"https:\/\/szemtanu.com\/wp-content\/uploads\/2015\/12\/29-melindatamas-eskuvoi-foto-1210x423.jpg"},"shop_thumbnail":{"file":"29-melindatamas-eskuvoi-foto-120x120.jpg","width":120,"height":120,"mime_type":"image\/jpeg","source_url":"https:\/\/szemtanu.com\/wp-content\/uploads\/2015\/12\/29-melindatamas-eskuvoi-foto-120x120.jpg"},"shop_catalog":{"file":"29-melindatamas-eskuvoi-foto-450x450.jpg","width":450,"height":450,"mime_type":"image\/jpeg","source_url":"https:\/\/szemtanu.com\/wp-content\/uploads\/2015\/12\/29-melindatamas-eskuvoi-foto-450x450.jpg"},"shop_single":{"file":"29-melindatamas-eskuvoi-foto-450x300.jpg","width":450,"height":300,"mime_type":"image\/jpeg","source_url":"https:\/\/szemtanu.com\/wp-content\/uploads\/2015\/12\/29-melindatamas-eskuvoi-foto-450x300.jpg"},"full":{"file":"29-melindatamas-eskuvoi-foto.jpg","width":1920,"height":1280,"mime_type":"image\/jpeg","source_url":"https:\/\/szemtanu.com\/wp-content\/uploads\/2015\/12\/29-melindatamas-eskuvoi-foto.jpg"}},"image_meta":{"aperture":0,"credit":"","camera":"","caption":"","created_timestamp":0,"copyright":"all rights reserved","focal_length":0,"iso":0,"shutter_speed":0,"title":"","orientation":0}},"post":9288,"source_url":"https:\/\/szemtanu.com\/wp-content\/uploads\/2015\/12\/29-melindatamas-eskuvoi-foto.jpg","_links":{"self":[{"href":"https:\/\/szemtanu.com\/en\/wp-json\/wp\/v2\/media\/9678","targetHints":{"allow":["GET"]}}],"collection":[{"href":"https:\/\/szemtanu.com\/en\/wp-json\/wp\/v2\/media"}],"about":[{"href":"https:\/\/szemtanu.com\/en\/wp-json\/wp\/v2\/types\/attachment"}],"author":[{"embeddable":true,"href":"https:\/\/szemtanu.com\/en\/wp-json\/wp\/v2\/users\/2"}],"replies":[{"embeddable":true,"href":"https:\/\/szemtanu.com\/en\/wp-json\/wp\/v2\/comments?post=9678"}],"wp:attached-to":[{"embeddable":true,"post_type":"page","id":9288,"href":"https:\/\/szemtanu.com\/en\/wp-json\/wp\/v2\/pages\/9288"}],"curies":[{"name":"wp","href":"https:\/\/api.w.org\/{rel}","templated":true}]}}