{"id":9676,"date":"2015-12-27T00:37:28","date_gmt":"2015-12-26T22:37:28","guid":{"rendered":"https:\/\/szemtanu.com\/wp-content\/uploads\/2015\/12\/27-melindatamas-eskuvoi-foto.jpg"},"modified":"2016-01-20T15:11:51","modified_gmt":"2016-01-20T13:11:51","slug":"27-melindatamas-eskuvoi-foto","status":"inherit","type":"attachment","link":"https:\/\/szemtanu.com\/en\/galeria\/melinda-tamas-pannonhalma\/27-melindatamas-eskuvoi-foto\/","title":{"rendered":"27-MelindaTamas-eskuvoi-foto-"},"author":2,"featured_media":0,"comment_status":"open","ping_status":"open","template":"","meta":[],"class_list":["post-9676","attachment","type-attachment","status-inherit","hentry"],"yoast_head":"<!-- This site is optimized with the Yoast SEO plugin v27.5 - https:\/\/yoast.com\/product\/yoast-seo-wordpress\/ -->\n<title>27-MelindaTamas-eskuvoi-foto- Fine Art esk\u00fcv\u0151i fot\u00f3z\u00e1s \u2013 Szab\u00f3 Zolt\u00e1n szemtan\u00fa<\/title>\n<meta name=\"description\" content=\"Esk\u00fcv\u0151i fot\u00f3 Pannonhalm\u00e1n\" \/>\n<meta name=\"robots\" content=\"index, follow, max-snippet:-1, max-image-preview:large, max-video-preview:-1\" \/>\n<link rel=\"canonical\" href=\"https:\/\/szemtanu.com\/en\/galeria\/melinda-tamas-pannonhalma\/27-melindatamas-eskuvoi-foto\/\" \/>\n<meta property=\"og:locale\" content=\"en_US\" \/>\n<meta property=\"og:type\" content=\"article\" \/>\n<meta property=\"og:title\" content=\"27-MelindaTamas-eskuvoi-foto- Fine Art esk\u00fcv\u0151i fot\u00f3z\u00e1s \u2013 Szab\u00f3 Zolt\u00e1n szemtan\u00fa\" \/>\n<meta property=\"og:description\" content=\"Esk\u00fcv\u0151i fot\u00f3 Pannonhalm\u00e1n\" \/>\n<meta property=\"og:url\" content=\"https:\/\/szemtanu.com\/en\/galeria\/melinda-tamas-pannonhalma\/27-melindatamas-eskuvoi-foto\/\" \/>\n<meta property=\"og:site_name\" content=\"Fine Art esk\u00fcv\u0151i fot\u00f3z\u00e1s \u2013 Szab\u00f3 Zolt\u00e1n szemtan\u00fa\" \/>\n<meta property=\"article:modified_time\" content=\"2016-01-20T13:11:51+00:00\" \/>\n<meta property=\"og:image\" content=\"https:\/\/szemtanu.com\/wp-content\/uploads\/2015\/12\/27-melindatamas-eskuvoi-foto.jpg\" \/>\n\t<meta property=\"og:image:width\" content=\"720\" \/>\n\t<meta property=\"og:image:height\" content=\"1080\" \/>\n\t<meta property=\"og:image:type\" content=\"image\/jpeg\" \/>\n<script type=\"application\/ld+json\" class=\"yoast-schema-graph\">{\"@context\":\"https:\\\/\\\/schema.org\",\"@graph\":[{\"@type\":\"WebPage\",\"@id\":\"https:\\\/\\\/szemtanu.com\\\/en\\\/galeria\\\/melinda-tamas-pannonhalma\\\/27-melindatamas-eskuvoi-foto\\\/\",\"url\":\"https:\\\/\\\/szemtanu.com\\\/en\\\/galeria\\\/melinda-tamas-pannonhalma\\\/27-melindatamas-eskuvoi-foto\\\/\",\"name\":\"27-MelindaTamas-eskuvoi-foto- Fine Art esk\u00fcv\u0151i fot\u00f3z\u00e1s \u2013 Szab\u00f3 Zolt\u00e1n szemtan\u00fa\",\"isPartOf\":{\"@id\":\"https:\\\/\\\/szemtanu.com\\\/en\\\/#website\"},\"datePublished\":\"2015-12-26T22:37:28+00:00\",\"dateModified\":\"2016-01-20T13:11:51+00:00\",\"description\":\"Esk\u00fcv\u0151i fot\u00f3 Pannonhalm\u00e1n\",\"breadcrumb\":{\"@id\":\"https:\\\/\\\/szemtanu.com\\\/en\\\/galeria\\\/melinda-tamas-pannonhalma\\\/27-melindatamas-eskuvoi-foto\\\/#breadcrumb\"},\"inLanguage\":\"en-US\",\"potentialAction\":[{\"@type\":\"ReadAction\",\"target\":[\"https:\\\/\\\/szemtanu.com\\\/en\\\/galeria\\\/melinda-tamas-pannonhalma\\\/27-melindatamas-eskuvoi-foto\\\/\"]}]},{\"@type\":\"BreadcrumbList\",\"@id\":\"https:\\\/\\\/szemtanu.com\\\/en\\\/galeria\\\/melinda-tamas-pannonhalma\\\/27-melindatamas-eskuvoi-foto\\\/#breadcrumb\",\"itemListElement\":[{\"@type\":\"ListItem\",\"position\":1,\"name\":\"Kezd\u0151lap\",\"item\":\"https:\\\/\\\/szemtanu.com\\\/en\\\/test-home\\\/\"},{\"@type\":\"ListItem\",\"position\":2,\"name\":\"Wedding photo\",\"item\":\"https:\\\/\\\/szemtanu.com\\\/en\\\/galeria\\\/\"},{\"@type\":\"ListItem\",\"position\":3,\"name\":\"MELINDA &#038; TAMAS Hungary\",\"item\":\"https:\\\/\\\/szemtanu.com\\\/en\\\/galeria\\\/melinda-tamas-pannonhalma\\\/\"},{\"@type\":\"ListItem\",\"position\":4,\"name\":\"27-MelindaTamas-eskuvoi-foto-\"}]},{\"@type\":\"WebSite\",\"@id\":\"https:\\\/\\\/szemtanu.com\\\/en\\\/#website\",\"url\":\"https:\\\/\\\/szemtanu.com\\\/en\\\/\",\"name\":\"Fine Art esk\u00fcv\u0151i fot\u00f3z\u00e1s \u2013 Szab\u00f3 Zolt\u00e1n szemtan\u00fa\",\"description\":\"Pr\u00e9mium esk\u00fcv\u0151 fot\u00f3k d\u00edjnyertes esk\u00fcv\u0151i fot\u00f3st\u00f3l. Premium Fine Art Wedding Photography\",\"publisher\":{\"@id\":\"https:\\\/\\\/szemtanu.com\\\/en\\\/#\\\/schema\\\/person\\\/95a6aa0b2dfc7d60bd445135bd71f3bf\"},\"potentialAction\":[{\"@type\":\"SearchAction\",\"target\":{\"@type\":\"EntryPoint\",\"urlTemplate\":\"https:\\\/\\\/szemtanu.com\\\/en\\\/?s={search_term_string}\"},\"query-input\":{\"@type\":\"PropertyValueSpecification\",\"valueRequired\":true,\"valueName\":\"search_term_string\"}}],\"inLanguage\":\"en-US\"},{\"@type\":[\"Person\",\"Organization\"],\"@id\":\"https:\\\/\\\/szemtanu.com\\\/en\\\/#\\\/schema\\\/person\\\/95a6aa0b2dfc7d60bd445135bd71f3bf\",\"name\":\"Szab\u00f3 Zolt\u00e1n\",\"image\":{\"@type\":\"ImageObject\",\"inLanguage\":\"en-US\",\"@id\":\"https:\\\/\\\/szemtanu.com\\\/wp-content\\\/uploads\\\/2015\\\/12\\\/27-melindatamas-eskuvoi-foto.jpg\",\"url\":\"https:\\\/\\\/szemtanu.com\\\/wp-content\\\/uploads\\\/2015\\\/12\\\/27-melindatamas-eskuvoi-foto.jpg\",\"contentUrl\":\"https:\\\/\\\/szemtanu.com\\\/wp-content\\\/uploads\\\/2015\\\/12\\\/27-melindatamas-eskuvoi-foto.jpg\",\"width\":720,\"height\":1080,\"caption\":\"Szab\u00f3 Zolt\u00e1n\"},\"logo\":{\"@id\":\"https:\\\/\\\/szemtanu.com\\\/wp-content\\\/uploads\\\/2015\\\/12\\\/27-melindatamas-eskuvoi-foto.jpg\"}}]}<\/script>\n<!-- \/ Yoast SEO plugin. -->","yoast_head_json":{"title":"27-MelindaTamas-eskuvoi-foto- Fine Art esk\u00fcv\u0151i fot\u00f3z\u00e1s \u2013 Szab\u00f3 Zolt\u00e1n szemtan\u00fa","description":"Esk\u00fcv\u0151i fot\u00f3 Pannonhalm\u00e1n","robots":{"index":"index","follow":"follow","max-snippet":"max-snippet:-1","max-image-preview":"max-image-preview:large","max-video-preview":"max-video-preview:-1"},"canonical":"https:\/\/szemtanu.com\/en\/galeria\/melinda-tamas-pannonhalma\/27-melindatamas-eskuvoi-foto\/","og_locale":"en_US","og_type":"article","og_title":"27-MelindaTamas-eskuvoi-foto- Fine Art esk\u00fcv\u0151i fot\u00f3z\u00e1s \u2013 Szab\u00f3 Zolt\u00e1n szemtan\u00fa","og_description":"Esk\u00fcv\u0151i fot\u00f3 Pannonhalm\u00e1n","og_url":"https:\/\/szemtanu.com\/en\/galeria\/melinda-tamas-pannonhalma\/27-melindatamas-eskuvoi-foto\/","og_site_name":"Fine Art esk\u00fcv\u0151i fot\u00f3z\u00e1s \u2013 Szab\u00f3 Zolt\u00e1n szemtan\u00fa","article_modified_time":"2016-01-20T13:11:51+00:00","og_image":[{"width":720,"height":1080,"url":"https:\/\/szemtanu.com\/wp-content\/uploads\/2015\/12\/27-melindatamas-eskuvoi-foto.jpg","type":"image\/jpeg"}],"schema":{"@context":"https:\/\/schema.org","@graph":[{"@type":"WebPage","@id":"https:\/\/szemtanu.com\/en\/galeria\/melinda-tamas-pannonhalma\/27-melindatamas-eskuvoi-foto\/","url":"https:\/\/szemtanu.com\/en\/galeria\/melinda-tamas-pannonhalma\/27-melindatamas-eskuvoi-foto\/","name":"27-MelindaTamas-eskuvoi-foto- Fine Art esk\u00fcv\u0151i fot\u00f3z\u00e1s \u2013 Szab\u00f3 Zolt\u00e1n szemtan\u00fa","isPartOf":{"@id":"https:\/\/szemtanu.com\/en\/#website"},"datePublished":"2015-12-26T22:37:28+00:00","dateModified":"2016-01-20T13:11:51+00:00","description":"Esk\u00fcv\u0151i fot\u00f3 Pannonhalm\u00e1n","breadcrumb":{"@id":"https:\/\/szemtanu.com\/en\/galeria\/melinda-tamas-pannonhalma\/27-melindatamas-eskuvoi-foto\/#breadcrumb"},"inLanguage":"en-US","potentialAction":[{"@type":"ReadAction","target":["https:\/\/szemtanu.com\/en\/galeria\/melinda-tamas-pannonhalma\/27-melindatamas-eskuvoi-foto\/"]}]},{"@type":"BreadcrumbList","@id":"https:\/\/szemtanu.com\/en\/galeria\/melinda-tamas-pannonhalma\/27-melindatamas-eskuvoi-foto\/#breadcrumb","itemListElement":[{"@type":"ListItem","position":1,"name":"Kezd\u0151lap","item":"https:\/\/szemtanu.com\/en\/test-home\/"},{"@type":"ListItem","position":2,"name":"Wedding photo","item":"https:\/\/szemtanu.com\/en\/galeria\/"},{"@type":"ListItem","position":3,"name":"MELINDA &#038; TAMAS Hungary","item":"https:\/\/szemtanu.com\/en\/galeria\/melinda-tamas-pannonhalma\/"},{"@type":"ListItem","position":4,"name":"27-MelindaTamas-eskuvoi-foto-"}]},{"@type":"WebSite","@id":"https:\/\/szemtanu.com\/en\/#website","url":"https:\/\/szemtanu.com\/en\/","name":"Fine Art esk\u00fcv\u0151i fot\u00f3z\u00e1s \u2013 Szab\u00f3 Zolt\u00e1n szemtan\u00fa","description":"Pr\u00e9mium esk\u00fcv\u0151 fot\u00f3k d\u00edjnyertes esk\u00fcv\u0151i fot\u00f3st\u00f3l. Premium Fine Art Wedding Photography","publisher":{"@id":"https:\/\/szemtanu.com\/en\/#\/schema\/person\/95a6aa0b2dfc7d60bd445135bd71f3bf"},"potentialAction":[{"@type":"SearchAction","target":{"@type":"EntryPoint","urlTemplate":"https:\/\/szemtanu.com\/en\/?s={search_term_string}"},"query-input":{"@type":"PropertyValueSpecification","valueRequired":true,"valueName":"search_term_string"}}],"inLanguage":"en-US"},{"@type":["Person","Organization"],"@id":"https:\/\/szemtanu.com\/en\/#\/schema\/person\/95a6aa0b2dfc7d60bd445135bd71f3bf","name":"Szab\u00f3 Zolt\u00e1n","image":{"@type":"ImageObject","inLanguage":"en-US","@id":"https:\/\/szemtanu.com\/wp-content\/uploads\/2015\/12\/27-melindatamas-eskuvoi-foto.jpg","url":"https:\/\/szemtanu.com\/wp-content\/uploads\/2015\/12\/27-melindatamas-eskuvoi-foto.jpg","contentUrl":"https:\/\/szemtanu.com\/wp-content\/uploads\/2015\/12\/27-melindatamas-eskuvoi-foto.jpg","width":720,"height":1080,"caption":"Szab\u00f3 Zolt\u00e1n"},"logo":{"@id":"https:\/\/szemtanu.com\/wp-content\/uploads\/2015\/12\/27-melindatamas-eskuvoi-foto.jpg"}}]}},"smush":{"stats":{"percent":3.237698762480258,"bytes":21341,"size_before":659141,"size_after":637800,"time":0.8,"api_version":"1.0","lossy":false,"keep_exif":0},"sizes":{"thumbnail":{"percent":8.86,"bytes":246,"size_before":2777,"size_after":2531,"time":0.06},"medium":{"percent":4.67,"bytes":652,"size_before":13959,"size_after":13307,"time":0.01},"large":{"percent":2.61,"bytes":4114,"size_before":157442,"size_after":153328,"time":0.12},"widget":{"percent":11.71,"bytes":150,"size_before":1281,"size_after":1131,"time":0.01},"square":{"percent":5.41,"bytes":505,"size_before":9341,"size_after":8836,"time":0.07},"featured":{"percent":3.33,"bytes":1933,"size_before":58110,"size_after":56177,"time":0.06},"featured_large":{"percent":3.14,"bytes":2457,"size_before":78231,"size_after":75774,"time":0.03},"portfolio":{"percent":3.84,"bytes":1486,"size_before":38726,"size_after":37240,"time":0.04},"portfolio_small":{"percent":5.32,"bytes":694,"size_before":13052,"size_after":12358,"time":0.02},"gallery":{"percent":2.98,"bytes":2451,"size_before":82161,"size_after":79710,"time":0.08},"magazine":{"percent":3.04,"bytes":1425,"size_before":46831,"size_after":45406,"time":0.05},"masonry":{"percent":2.76,"bytes":1457,"size_before":52794,"size_after":51337,"time":0.03},"entry_with_sidebar":{"percent":3.3,"bytes":1493,"size_before":45205,"size_after":43712,"time":0.2},"entry_without_sidebar":{"percent":3.85,"bytes":2278,"size_before":59231,"size_after":56953,"time":0.02}}},"description":{"rendered":"<p class=\"attachment\"><a href='https:\/\/szemtanu.com\/wp-content\/uploads\/2015\/12\/27-melindatamas-eskuvoi-foto.jpg'><img loading=\"lazy\" decoding=\"async\" width=\"200\" height=\"300\" src=\"https:\/\/szemtanu.com\/wp-content\/uploads\/2015\/12\/27-melindatamas-eskuvoi-foto-200x300.jpg\" class=\"attachment-medium size-medium\" alt=\"\" srcset=\"https:\/\/szemtanu.com\/wp-content\/uploads\/2015\/12\/27-melindatamas-eskuvoi-foto-200x300.jpg 200w, https:\/\/szemtanu.com\/wp-content\/uploads\/2015\/12\/27-melindatamas-eskuvoi-foto-687x1030.jpg 687w, https:\/\/szemtanu.com\/wp-content\/uploads\/2015\/12\/27-melindatamas-eskuvoi-foto-470x705.jpg 470w, https:\/\/szemtanu.com\/wp-content\/uploads\/2015\/12\/27-melindatamas-eskuvoi-foto-450x675.jpg 450w, https:\/\/szemtanu.com\/wp-content\/uploads\/2015\/12\/27-melindatamas-eskuvoi-foto.jpg 720w\" sizes=\"auto, (max-width: 200px) 100vw, 200px\" \/><\/a><\/p>\n"},"caption":{"rendered":""},"alt_text":"","media_type":"image","mime_type":"image\/jpeg","media_details":{"width":720,"height":1080,"file":"2015\/12\/27-melindatamas-eskuvoi-foto.jpg","sizes":{"thumbnail":{"file":"27-melindatamas-eskuvoi-foto-80x80.jpg","width":80,"height":80,"mime_type":"image\/jpeg","source_url":"https:\/\/szemtanu.com\/wp-content\/uploads\/2015\/12\/27-melindatamas-eskuvoi-foto-80x80.jpg"},"medium":{"file":"27-melindatamas-eskuvoi-foto-200x300.jpg","width":200,"height":300,"mime_type":"image\/jpeg","source_url":"https:\/\/szemtanu.com\/wp-content\/uploads\/2015\/12\/27-melindatamas-eskuvoi-foto-200x300.jpg"},"large":{"file":"27-melindatamas-eskuvoi-foto-687x1030.jpg","width":687,"height":1030,"mime_type":"image\/jpeg","source_url":"https:\/\/szemtanu.com\/wp-content\/uploads\/2015\/12\/27-melindatamas-eskuvoi-foto-687x1030.jpg"},"widget":{"file":"27-melindatamas-eskuvoi-foto-36x36.jpg","width":36,"height":36,"mime_type":"image\/jpeg","source_url":"https:\/\/szemtanu.com\/wp-content\/uploads\/2015\/12\/27-melindatamas-eskuvoi-foto-36x36.jpg"},"square":{"file":"27-melindatamas-eskuvoi-foto-180x180.jpg","width":180,"height":180,"mime_type":"image\/jpeg","source_url":"https:\/\/szemtanu.com\/wp-content\/uploads\/2015\/12\/27-melindatamas-eskuvoi-foto-180x180.jpg"},"featured":{"file":"27-melindatamas-eskuvoi-foto-720x430.jpg","width":720,"height":430,"mime_type":"image\/jpeg","source_url":"https:\/\/szemtanu.com\/wp-content\/uploads\/2015\/12\/27-melindatamas-eskuvoi-foto-720x430.jpg"},"featured_large":{"file":"27-melindatamas-eskuvoi-foto-720x630.jpg","width":720,"height":630,"mime_type":"image\/jpeg","source_url":"https:\/\/szemtanu.com\/wp-content\/uploads\/2015\/12\/27-melindatamas-eskuvoi-foto-720x630.jpg"},"portfolio":{"file":"27-melindatamas-eskuvoi-foto-495x400.jpg","width":495,"height":400,"mime_type":"image\/jpeg","source_url":"https:\/\/szemtanu.com\/wp-content\/uploads\/2015\/12\/27-melindatamas-eskuvoi-foto-495x400.jpg"},"portfolio_small":{"file":"27-melindatamas-eskuvoi-foto-260x185.jpg","width":260,"height":185,"mime_type":"image\/jpeg","source_url":"https:\/\/szemtanu.com\/wp-content\/uploads\/2015\/12\/27-melindatamas-eskuvoi-foto-260x185.jpg"},"gallery":{"file":"27-melindatamas-eskuvoi-foto-720x684.jpg","width":720,"height":684,"mime_type":"image\/jpeg","source_url":"https:\/\/szemtanu.com\/wp-content\/uploads\/2015\/12\/27-melindatamas-eskuvoi-foto-720x684.jpg"},"magazine":{"file":"27-melindatamas-eskuvoi-foto-710x375.jpg","width":710,"height":375,"mime_type":"image\/jpeg","source_url":"https:\/\/szemtanu.com\/wp-content\/uploads\/2015\/12\/27-melindatamas-eskuvoi-foto-710x375.jpg"},"masonry":{"file":"27-melindatamas-eskuvoi-foto-470x705.jpg","width":470,"height":705,"mime_type":"image\/jpeg","source_url":"https:\/\/szemtanu.com\/wp-content\/uploads\/2015\/12\/27-melindatamas-eskuvoi-foto-470x705.jpg"},"entry_with_sidebar":{"file":"27-melindatamas-eskuvoi-foto-720x321.jpg","width":720,"height":321,"mime_type":"image\/jpeg","source_url":"https:\/\/szemtanu.com\/wp-content\/uploads\/2015\/12\/27-melindatamas-eskuvoi-foto-720x321.jpg"},"entry_without_sidebar":{"file":"27-melindatamas-eskuvoi-foto-720x423.jpg","width":720,"height":423,"mime_type":"image\/jpeg","source_url":"https:\/\/szemtanu.com\/wp-content\/uploads\/2015\/12\/27-melindatamas-eskuvoi-foto-720x423.jpg"},"shop_thumbnail":{"file":"27-melindatamas-eskuvoi-foto-120x120.jpg","width":120,"height":120,"mime_type":"image\/jpeg","source_url":"https:\/\/szemtanu.com\/wp-content\/uploads\/2015\/12\/27-melindatamas-eskuvoi-foto-120x120.jpg"},"shop_catalog":{"file":"27-melindatamas-eskuvoi-foto-450x450.jpg","width":450,"height":450,"mime_type":"image\/jpeg","source_url":"https:\/\/szemtanu.com\/wp-content\/uploads\/2015\/12\/27-melindatamas-eskuvoi-foto-450x450.jpg"},"shop_single":{"file":"27-melindatamas-eskuvoi-foto-450x675.jpg","width":450,"height":675,"mime_type":"image\/jpeg","source_url":"https:\/\/szemtanu.com\/wp-content\/uploads\/2015\/12\/27-melindatamas-eskuvoi-foto-450x675.jpg"},"full":{"file":"27-melindatamas-eskuvoi-foto.jpg","width":720,"height":1080,"mime_type":"image\/jpeg","source_url":"https:\/\/szemtanu.com\/wp-content\/uploads\/2015\/12\/27-melindatamas-eskuvoi-foto.jpg"}},"image_meta":{"aperture":0,"credit":"","camera":"","caption":"","created_timestamp":0,"copyright":"all rights reserved","focal_length":0,"iso":0,"shutter_speed":0,"title":"","orientation":0}},"post":9288,"source_url":"https:\/\/szemtanu.com\/wp-content\/uploads\/2015\/12\/27-melindatamas-eskuvoi-foto.jpg","_links":{"self":[{"href":"https:\/\/szemtanu.com\/en\/wp-json\/wp\/v2\/media\/9676","targetHints":{"allow":["GET"]}}],"collection":[{"href":"https:\/\/szemtanu.com\/en\/wp-json\/wp\/v2\/media"}],"about":[{"href":"https:\/\/szemtanu.com\/en\/wp-json\/wp\/v2\/types\/attachment"}],"author":[{"embeddable":true,"href":"https:\/\/szemtanu.com\/en\/wp-json\/wp\/v2\/users\/2"}],"replies":[{"embeddable":true,"href":"https:\/\/szemtanu.com\/en\/wp-json\/wp\/v2\/comments?post=9676"}],"wp:attached-to":[{"embeddable":true,"post_type":"page","id":9288,"href":"https:\/\/szemtanu.com\/en\/wp-json\/wp\/v2\/pages\/9288"}],"curies":[{"name":"wp","href":"https:\/\/api.w.org\/{rel}","templated":true}]}}