{"id":9500,"date":"2015-12-26T17:43:25","date_gmt":"2015-12-26T15:43:25","guid":{"rendered":"https:\/\/szemtanu.com\/wp-content\/uploads\/2015\/12\/08-juliajakob-eskuvoi-foto.jpg"},"modified":"2016-01-20T15:11:16","modified_gmt":"2016-01-20T13:11:16","slug":"08-juliajakob-eskuvoi-foto","status":"inherit","type":"attachment","link":"https:\/\/szemtanu.com\/en\/galeria\/julia-jakob-vienna\/08-juliajakob-eskuvoi-foto\/","title":{"rendered":"08-JuliaJakob-eskuvoi-foto"},"author":2,"featured_media":0,"comment_status":"open","ping_status":"open","template":"","meta":[],"class_list":["post-9500","attachment","type-attachment","status-inherit","hentry"],"yoast_head":"<!-- This site is optimized with the Yoast SEO plugin v27.5 - https:\/\/yoast.com\/product\/yoast-seo-wordpress\/ -->\n<title>08-JuliaJakob-eskuvoi-foto - Fine Art esk\u00fcv\u0151i fot\u00f3z\u00e1s \u2013 Szab\u00f3 Zolt\u00e1n szemtan\u00fa<\/title>\n<meta name=\"description\" content=\"Vienna Hochzeit Fotografie\" \/>\n<meta name=\"robots\" content=\"index, follow, max-snippet:-1, max-image-preview:large, max-video-preview:-1\" \/>\n<link rel=\"canonical\" href=\"https:\/\/szemtanu.com\/en\/galeria\/julia-jakob-vienna\/08-juliajakob-eskuvoi-foto\/\" \/>\n<meta property=\"og:locale\" content=\"en_US\" \/>\n<meta property=\"og:type\" content=\"article\" \/>\n<meta property=\"og:title\" content=\"08-JuliaJakob-eskuvoi-foto - Fine Art esk\u00fcv\u0151i fot\u00f3z\u00e1s \u2013 Szab\u00f3 Zolt\u00e1n szemtan\u00fa\" \/>\n<meta property=\"og:description\" content=\"Vienna Hochzeit Fotografie\" \/>\n<meta property=\"og:url\" content=\"https:\/\/szemtanu.com\/en\/galeria\/julia-jakob-vienna\/08-juliajakob-eskuvoi-foto\/\" \/>\n<meta property=\"og:site_name\" content=\"Fine Art esk\u00fcv\u0151i fot\u00f3z\u00e1s \u2013 Szab\u00f3 Zolt\u00e1n szemtan\u00fa\" \/>\n<meta property=\"article:modified_time\" content=\"2016-01-20T13:11:16+00:00\" \/>\n<meta property=\"og:image\" content=\"https:\/\/szemtanu.com\/wp-content\/uploads\/2015\/12\/08-juliajakob-eskuvoi-foto.jpg\" \/>\n\t<meta property=\"og:image:width\" content=\"1920\" \/>\n\t<meta property=\"og:image:height\" content=\"1280\" \/>\n\t<meta property=\"og:image:type\" content=\"image\/jpeg\" \/>\n<script type=\"application\/ld+json\" class=\"yoast-schema-graph\">{\"@context\":\"https:\\\/\\\/schema.org\",\"@graph\":[{\"@type\":\"WebPage\",\"@id\":\"https:\\\/\\\/szemtanu.com\\\/en\\\/galeria\\\/julia-jakob-vienna\\\/08-juliajakob-eskuvoi-foto\\\/\",\"url\":\"https:\\\/\\\/szemtanu.com\\\/en\\\/galeria\\\/julia-jakob-vienna\\\/08-juliajakob-eskuvoi-foto\\\/\",\"name\":\"08-JuliaJakob-eskuvoi-foto - Fine Art esk\u00fcv\u0151i fot\u00f3z\u00e1s \u2013 Szab\u00f3 Zolt\u00e1n szemtan\u00fa\",\"isPartOf\":{\"@id\":\"https:\\\/\\\/szemtanu.com\\\/en\\\/#website\"},\"datePublished\":\"2015-12-26T15:43:25+00:00\",\"dateModified\":\"2016-01-20T13:11:16+00:00\",\"description\":\"Vienna Hochzeit Fotografie\",\"breadcrumb\":{\"@id\":\"https:\\\/\\\/szemtanu.com\\\/en\\\/galeria\\\/julia-jakob-vienna\\\/08-juliajakob-eskuvoi-foto\\\/#breadcrumb\"},\"inLanguage\":\"en-US\",\"potentialAction\":[{\"@type\":\"ReadAction\",\"target\":[\"https:\\\/\\\/szemtanu.com\\\/en\\\/galeria\\\/julia-jakob-vienna\\\/08-juliajakob-eskuvoi-foto\\\/\"]}]},{\"@type\":\"BreadcrumbList\",\"@id\":\"https:\\\/\\\/szemtanu.com\\\/en\\\/galeria\\\/julia-jakob-vienna\\\/08-juliajakob-eskuvoi-foto\\\/#breadcrumb\",\"itemListElement\":[{\"@type\":\"ListItem\",\"position\":1,\"name\":\"Kezd\u0151lap\",\"item\":\"https:\\\/\\\/szemtanu.com\\\/en\\\/test-home\\\/\"},{\"@type\":\"ListItem\",\"position\":2,\"name\":\"Wedding photo\",\"item\":\"https:\\\/\\\/szemtanu.com\\\/en\\\/galeria\\\/\"},{\"@type\":\"ListItem\",\"position\":3,\"name\":\"JULIA &#038; JAKOB Vienna\",\"item\":\"https:\\\/\\\/szemtanu.com\\\/en\\\/galeria\\\/julia-jakob-vienna\\\/\"},{\"@type\":\"ListItem\",\"position\":4,\"name\":\"08-JuliaJakob-eskuvoi-foto\"}]},{\"@type\":\"WebSite\",\"@id\":\"https:\\\/\\\/szemtanu.com\\\/en\\\/#website\",\"url\":\"https:\\\/\\\/szemtanu.com\\\/en\\\/\",\"name\":\"Fine Art esk\u00fcv\u0151i fot\u00f3z\u00e1s \u2013 Szab\u00f3 Zolt\u00e1n szemtan\u00fa\",\"description\":\"Pr\u00e9mium esk\u00fcv\u0151 fot\u00f3k d\u00edjnyertes esk\u00fcv\u0151i fot\u00f3st\u00f3l. Premium Fine Art Wedding Photography\",\"publisher\":{\"@id\":\"https:\\\/\\\/szemtanu.com\\\/en\\\/#\\\/schema\\\/person\\\/95a6aa0b2dfc7d60bd445135bd71f3bf\"},\"potentialAction\":[{\"@type\":\"SearchAction\",\"target\":{\"@type\":\"EntryPoint\",\"urlTemplate\":\"https:\\\/\\\/szemtanu.com\\\/en\\\/?s={search_term_string}\"},\"query-input\":{\"@type\":\"PropertyValueSpecification\",\"valueRequired\":true,\"valueName\":\"search_term_string\"}}],\"inLanguage\":\"en-US\"},{\"@type\":[\"Person\",\"Organization\"],\"@id\":\"https:\\\/\\\/szemtanu.com\\\/en\\\/#\\\/schema\\\/person\\\/95a6aa0b2dfc7d60bd445135bd71f3bf\",\"name\":\"Szab\u00f3 Zolt\u00e1n\",\"image\":{\"@type\":\"ImageObject\",\"inLanguage\":\"en-US\",\"@id\":\"https:\\\/\\\/szemtanu.com\\\/wp-content\\\/uploads\\\/2015\\\/12\\\/08-juliajakob-eskuvoi-foto.jpg\",\"url\":\"https:\\\/\\\/szemtanu.com\\\/wp-content\\\/uploads\\\/2015\\\/12\\\/08-juliajakob-eskuvoi-foto.jpg\",\"contentUrl\":\"https:\\\/\\\/szemtanu.com\\\/wp-content\\\/uploads\\\/2015\\\/12\\\/08-juliajakob-eskuvoi-foto.jpg\",\"width\":1920,\"height\":1280,\"caption\":\"Szab\u00f3 Zolt\u00e1n\"},\"logo\":{\"@id\":\"https:\\\/\\\/szemtanu.com\\\/wp-content\\\/uploads\\\/2015\\\/12\\\/08-juliajakob-eskuvoi-foto.jpg\"}}]}<\/script>\n<!-- \/ Yoast SEO plugin. -->","yoast_head_json":{"title":"08-JuliaJakob-eskuvoi-foto - Fine Art esk\u00fcv\u0151i fot\u00f3z\u00e1s \u2013 Szab\u00f3 Zolt\u00e1n szemtan\u00fa","description":"Vienna Hochzeit Fotografie","robots":{"index":"index","follow":"follow","max-snippet":"max-snippet:-1","max-image-preview":"max-image-preview:large","max-video-preview":"max-video-preview:-1"},"canonical":"https:\/\/szemtanu.com\/en\/galeria\/julia-jakob-vienna\/08-juliajakob-eskuvoi-foto\/","og_locale":"en_US","og_type":"article","og_title":"08-JuliaJakob-eskuvoi-foto - Fine Art esk\u00fcv\u0151i fot\u00f3z\u00e1s \u2013 Szab\u00f3 Zolt\u00e1n szemtan\u00fa","og_description":"Vienna Hochzeit Fotografie","og_url":"https:\/\/szemtanu.com\/en\/galeria\/julia-jakob-vienna\/08-juliajakob-eskuvoi-foto\/","og_site_name":"Fine Art esk\u00fcv\u0151i fot\u00f3z\u00e1s \u2013 Szab\u00f3 Zolt\u00e1n szemtan\u00fa","article_modified_time":"2016-01-20T13:11:16+00:00","og_image":[{"width":1920,"height":1280,"url":"https:\/\/szemtanu.com\/wp-content\/uploads\/2015\/12\/08-juliajakob-eskuvoi-foto.jpg","type":"image\/jpeg"}],"schema":{"@context":"https:\/\/schema.org","@graph":[{"@type":"WebPage","@id":"https:\/\/szemtanu.com\/en\/galeria\/julia-jakob-vienna\/08-juliajakob-eskuvoi-foto\/","url":"https:\/\/szemtanu.com\/en\/galeria\/julia-jakob-vienna\/08-juliajakob-eskuvoi-foto\/","name":"08-JuliaJakob-eskuvoi-foto - Fine Art esk\u00fcv\u0151i fot\u00f3z\u00e1s \u2013 Szab\u00f3 Zolt\u00e1n szemtan\u00fa","isPartOf":{"@id":"https:\/\/szemtanu.com\/en\/#website"},"datePublished":"2015-12-26T15:43:25+00:00","dateModified":"2016-01-20T13:11:16+00:00","description":"Vienna Hochzeit Fotografie","breadcrumb":{"@id":"https:\/\/szemtanu.com\/en\/galeria\/julia-jakob-vienna\/08-juliajakob-eskuvoi-foto\/#breadcrumb"},"inLanguage":"en-US","potentialAction":[{"@type":"ReadAction","target":["https:\/\/szemtanu.com\/en\/galeria\/julia-jakob-vienna\/08-juliajakob-eskuvoi-foto\/"]}]},{"@type":"BreadcrumbList","@id":"https:\/\/szemtanu.com\/en\/galeria\/julia-jakob-vienna\/08-juliajakob-eskuvoi-foto\/#breadcrumb","itemListElement":[{"@type":"ListItem","position":1,"name":"Kezd\u0151lap","item":"https:\/\/szemtanu.com\/en\/test-home\/"},{"@type":"ListItem","position":2,"name":"Wedding photo","item":"https:\/\/szemtanu.com\/en\/galeria\/"},{"@type":"ListItem","position":3,"name":"JULIA &#038; JAKOB Vienna","item":"https:\/\/szemtanu.com\/en\/galeria\/julia-jakob-vienna\/"},{"@type":"ListItem","position":4,"name":"08-JuliaJakob-eskuvoi-foto"}]},{"@type":"WebSite","@id":"https:\/\/szemtanu.com\/en\/#website","url":"https:\/\/szemtanu.com\/en\/","name":"Fine Art esk\u00fcv\u0151i fot\u00f3z\u00e1s \u2013 Szab\u00f3 Zolt\u00e1n szemtan\u00fa","description":"Pr\u00e9mium esk\u00fcv\u0151 fot\u00f3k d\u00edjnyertes esk\u00fcv\u0151i fot\u00f3st\u00f3l. Premium Fine Art Wedding Photography","publisher":{"@id":"https:\/\/szemtanu.com\/en\/#\/schema\/person\/95a6aa0b2dfc7d60bd445135bd71f3bf"},"potentialAction":[{"@type":"SearchAction","target":{"@type":"EntryPoint","urlTemplate":"https:\/\/szemtanu.com\/en\/?s={search_term_string}"},"query-input":{"@type":"PropertyValueSpecification","valueRequired":true,"valueName":"search_term_string"}}],"inLanguage":"en-US"},{"@type":["Person","Organization"],"@id":"https:\/\/szemtanu.com\/en\/#\/schema\/person\/95a6aa0b2dfc7d60bd445135bd71f3bf","name":"Szab\u00f3 Zolt\u00e1n","image":{"@type":"ImageObject","inLanguage":"en-US","@id":"https:\/\/szemtanu.com\/wp-content\/uploads\/2015\/12\/08-juliajakob-eskuvoi-foto.jpg","url":"https:\/\/szemtanu.com\/wp-content\/uploads\/2015\/12\/08-juliajakob-eskuvoi-foto.jpg","contentUrl":"https:\/\/szemtanu.com\/wp-content\/uploads\/2015\/12\/08-juliajakob-eskuvoi-foto.jpg","width":1920,"height":1280,"caption":"Szab\u00f3 Zolt\u00e1n"},"logo":{"@id":"https:\/\/szemtanu.com\/wp-content\/uploads\/2015\/12\/08-juliajakob-eskuvoi-foto.jpg"}}]}},"smush":{"stats":{"percent":6.094856427305058,"bytes":57823,"size_before":948718,"size_after":890895,"time":1.4000000000000001,"api_version":"1.0","lossy":false,"keep_exif":0},"sizes":{"thumbnail":{"percent":8.81,"bytes":223,"size_before":2532,"size_after":2309,"time":0.05},"medium":{"percent":7.18,"bytes":1063,"size_before":14796,"size_after":13733,"time":0.01},"large":{"percent":6.42,"bytes":9045,"size_before":140818,"size_after":131773,"time":0.05},"widget":{"percent":14.38,"bytes":184,"size_before":1280,"size_after":1096,"time":0.02},"square":{"percent":7.38,"bytes":598,"size_before":8104,"size_after":7506,"time":0.01},"featured":{"percent":5.49,"bytes":5055,"size_before":92011,"size_after":86956,"time":0.31},"featured_large":{"percent":5.68,"bytes":7571,"size_before":133269,"size_after":125698,"time":0.18},"extra_large":{"percent":6.01,"bytes":11427,"size_before":189994,"size_after":178567,"time":0.08},"portfolio":{"percent":6.29,"bytes":2197,"size_before":34943,"size_after":32746,"time":0.14},"portfolio_small":{"percent":7.27,"bytes":898,"size_before":12355,"size_after":11457,"time":0.01},"gallery":{"percent":6.11,"bytes":5069,"size_before":82942,"size_after":77873,"time":0.25},"magazine":{"percent":6.39,"bytes":3162,"size_before":49492,"size_after":46330,"time":0.02},"masonry":{"percent":6.42,"bytes":3657,"size_before":56977,"size_after":53320,"time":0.08},"entry_with_sidebar":{"percent":6.19,"bytes":3087,"size_before":49902,"size_after":46815,"time":0.09},"entry_without_sidebar":{"percent":5.78,"bytes":4587,"size_before":79303,"size_after":74716,"time":0.1}}},"description":{"rendered":"<p class=\"attachment\"><a href='https:\/\/szemtanu.com\/wp-content\/uploads\/2015\/12\/08-juliajakob-eskuvoi-foto.jpg'><img loading=\"lazy\" decoding=\"async\" width=\"300\" height=\"200\" src=\"https:\/\/szemtanu.com\/wp-content\/uploads\/2015\/12\/08-juliajakob-eskuvoi-foto-300x200.jpg\" class=\"attachment-medium size-medium\" alt=\"\" srcset=\"https:\/\/szemtanu.com\/wp-content\/uploads\/2015\/12\/08-juliajakob-eskuvoi-foto-300x200.jpg 300w, https:\/\/szemtanu.com\/wp-content\/uploads\/2015\/12\/08-juliajakob-eskuvoi-foto-1030x687.jpg 1030w, https:\/\/szemtanu.com\/wp-content\/uploads\/2015\/12\/08-juliajakob-eskuvoi-foto-1500x1000.jpg 1500w, https:\/\/szemtanu.com\/wp-content\/uploads\/2015\/12\/08-juliajakob-eskuvoi-foto-705x470.jpg 705w, https:\/\/szemtanu.com\/wp-content\/uploads\/2015\/12\/08-juliajakob-eskuvoi-foto-450x300.jpg 450w, https:\/\/szemtanu.com\/wp-content\/uploads\/2015\/12\/08-juliajakob-eskuvoi-foto.jpg 1920w\" sizes=\"auto, (max-width: 300px) 100vw, 300px\" \/><\/a><\/p>\n"},"caption":{"rendered":""},"alt_text":"","media_type":"image","mime_type":"image\/jpeg","media_details":{"width":1920,"height":1280,"file":"2015\/12\/08-juliajakob-eskuvoi-foto.jpg","sizes":{"thumbnail":{"file":"08-juliajakob-eskuvoi-foto-80x80.jpg","width":80,"height":80,"mime_type":"image\/jpeg","source_url":"https:\/\/szemtanu.com\/wp-content\/uploads\/2015\/12\/08-juliajakob-eskuvoi-foto-80x80.jpg"},"medium":{"file":"08-juliajakob-eskuvoi-foto-300x200.jpg","width":300,"height":200,"mime_type":"image\/jpeg","source_url":"https:\/\/szemtanu.com\/wp-content\/uploads\/2015\/12\/08-juliajakob-eskuvoi-foto-300x200.jpg"},"large":{"file":"08-juliajakob-eskuvoi-foto-1030x687.jpg","width":1030,"height":687,"mime_type":"image\/jpeg","source_url":"https:\/\/szemtanu.com\/wp-content\/uploads\/2015\/12\/08-juliajakob-eskuvoi-foto-1030x687.jpg"},"widget":{"file":"08-juliajakob-eskuvoi-foto-36x36.jpg","width":36,"height":36,"mime_type":"image\/jpeg","source_url":"https:\/\/szemtanu.com\/wp-content\/uploads\/2015\/12\/08-juliajakob-eskuvoi-foto-36x36.jpg"},"square":{"file":"08-juliajakob-eskuvoi-foto-180x180.jpg","width":180,"height":180,"mime_type":"image\/jpeg","source_url":"https:\/\/szemtanu.com\/wp-content\/uploads\/2015\/12\/08-juliajakob-eskuvoi-foto-180x180.jpg"},"featured":{"file":"08-juliajakob-eskuvoi-foto-1500x430.jpg","width":1500,"height":430,"mime_type":"image\/jpeg","source_url":"https:\/\/szemtanu.com\/wp-content\/uploads\/2015\/12\/08-juliajakob-eskuvoi-foto-1500x430.jpg"},"featured_large":{"file":"08-juliajakob-eskuvoi-foto-1500x630.jpg","width":1500,"height":630,"mime_type":"image\/jpeg","source_url":"https:\/\/szemtanu.com\/wp-content\/uploads\/2015\/12\/08-juliajakob-eskuvoi-foto-1500x630.jpg"},"extra_large":{"file":"08-juliajakob-eskuvoi-foto-1500x1000.jpg","width":1500,"height":1000,"mime_type":"image\/jpeg","source_url":"https:\/\/szemtanu.com\/wp-content\/uploads\/2015\/12\/08-juliajakob-eskuvoi-foto-1500x1000.jpg"},"portfolio":{"file":"08-juliajakob-eskuvoi-foto-495x400.jpg","width":495,"height":400,"mime_type":"image\/jpeg","source_url":"https:\/\/szemtanu.com\/wp-content\/uploads\/2015\/12\/08-juliajakob-eskuvoi-foto-495x400.jpg"},"portfolio_small":{"file":"08-juliajakob-eskuvoi-foto-260x185.jpg","width":260,"height":185,"mime_type":"image\/jpeg","source_url":"https:\/\/szemtanu.com\/wp-content\/uploads\/2015\/12\/08-juliajakob-eskuvoi-foto-260x185.jpg"},"gallery":{"file":"08-juliajakob-eskuvoi-foto-845x684.jpg","width":845,"height":684,"mime_type":"image\/jpeg","source_url":"https:\/\/szemtanu.com\/wp-content\/uploads\/2015\/12\/08-juliajakob-eskuvoi-foto-845x684.jpg"},"magazine":{"file":"08-juliajakob-eskuvoi-foto-710x375.jpg","width":710,"height":375,"mime_type":"image\/jpeg","source_url":"https:\/\/szemtanu.com\/wp-content\/uploads\/2015\/12\/08-juliajakob-eskuvoi-foto-710x375.jpg"},"masonry":{"file":"08-juliajakob-eskuvoi-foto-705x470.jpg","width":705,"height":470,"mime_type":"image\/jpeg","source_url":"https:\/\/szemtanu.com\/wp-content\/uploads\/2015\/12\/08-juliajakob-eskuvoi-foto-705x470.jpg"},"entry_with_sidebar":{"file":"08-juliajakob-eskuvoi-foto-845x321.jpg","width":845,"height":321,"mime_type":"image\/jpeg","source_url":"https:\/\/szemtanu.com\/wp-content\/uploads\/2015\/12\/08-juliajakob-eskuvoi-foto-845x321.jpg"},"entry_without_sidebar":{"file":"08-juliajakob-eskuvoi-foto-1210x423.jpg","width":1210,"height":423,"mime_type":"image\/jpeg","source_url":"https:\/\/szemtanu.com\/wp-content\/uploads\/2015\/12\/08-juliajakob-eskuvoi-foto-1210x423.jpg"},"shop_thumbnail":{"file":"08-juliajakob-eskuvoi-foto-120x120.jpg","width":120,"height":120,"mime_type":"image\/jpeg","source_url":"https:\/\/szemtanu.com\/wp-content\/uploads\/2015\/12\/08-juliajakob-eskuvoi-foto-120x120.jpg"},"shop_catalog":{"file":"08-juliajakob-eskuvoi-foto-450x450.jpg","width":450,"height":450,"mime_type":"image\/jpeg","source_url":"https:\/\/szemtanu.com\/wp-content\/uploads\/2015\/12\/08-juliajakob-eskuvoi-foto-450x450.jpg"},"shop_single":{"file":"08-juliajakob-eskuvoi-foto-450x300.jpg","width":450,"height":300,"mime_type":"image\/jpeg","source_url":"https:\/\/szemtanu.com\/wp-content\/uploads\/2015\/12\/08-juliajakob-eskuvoi-foto-450x300.jpg"},"full":{"file":"08-juliajakob-eskuvoi-foto.jpg","width":1920,"height":1280,"mime_type":"image\/jpeg","source_url":"https:\/\/szemtanu.com\/wp-content\/uploads\/2015\/12\/08-juliajakob-eskuvoi-foto.jpg"}},"image_meta":{"aperture":0,"credit":"","camera":"","caption":"","created_timestamp":0,"copyright":"","focal_length":0,"iso":0,"shutter_speed":0,"title":"","orientation":0}},"post":9287,"source_url":"https:\/\/szemtanu.com\/wp-content\/uploads\/2015\/12\/08-juliajakob-eskuvoi-foto.jpg","_links":{"self":[{"href":"https:\/\/szemtanu.com\/en\/wp-json\/wp\/v2\/media\/9500","targetHints":{"allow":["GET"]}}],"collection":[{"href":"https:\/\/szemtanu.com\/en\/wp-json\/wp\/v2\/media"}],"about":[{"href":"https:\/\/szemtanu.com\/en\/wp-json\/wp\/v2\/types\/attachment"}],"author":[{"embeddable":true,"href":"https:\/\/szemtanu.com\/en\/wp-json\/wp\/v2\/users\/2"}],"replies":[{"embeddable":true,"href":"https:\/\/szemtanu.com\/en\/wp-json\/wp\/v2\/comments?post=9500"}],"wp:attached-to":[{"embeddable":true,"post_type":"page","id":9287,"href":"https:\/\/szemtanu.com\/en\/wp-json\/wp\/v2\/pages\/9287"}],"curies":[{"name":"wp","href":"https:\/\/api.w.org\/{rel}","templated":true}]}}